{"id":51308,"date":"2020-08-27T00:37:10","date_gmt":"2020-08-27T03:37:10","guid":{"rendered":"http:\/\/www.auroradecolchagua.cl\/?post_type=product&#038;p=51308"},"modified":"2025-02-17T19:20:22","modified_gmt":"2025-02-17T22:20:22","slug":"preventa-breve-historia-de-la-comuna-de-la-estrella-guillermo-caceres-vidal","status":"publish","type":"product","link":"https:\/\/www.auroradecolchagua.cl\/?product=preventa-breve-historia-de-la-comuna-de-la-estrella-guillermo-caceres-vidal","title":{"rendered":"Breve historia de la comuna de La Estrella \/ Guillermo C\u00e1ceres Vidal"},"content":{"rendered":"","protected":false},"excerpt":{"rendered":"<p><strong>REEDICI\u00d3N DE \u00abBREVE HISTORIA DE LA COMUNA DE LA ESTRELLA\u00bb DE GUILLERMO C\u00c3\u0081CERES VIDAL, LIBRO ORIGINALMENTE PUBLICADO EN 1954 Y REEDITADO POR \u00daLTIMA VEZ EN 1985.<br \/>\n<\/strong><\/p>\n<p><strong>REIMPRESI\u00d3N REALIZADA EN ESTADOS UNIDOS.<\/strong><\/p>\n<p>El presente libro es el fruto de una extensa investigaci\u00f3n realizada entre 1954 y 1985 por el exsecretario municipal de la comuna de La Estrella, Guillermo C\u00e1ceres Vidal. El autor nos da una pincelada sobre la historia local desde la \u00e9poca colonial, pasando por la creaci\u00f3n de la comuna en 1891 y la constituci\u00f3n del municipio tres a\u00f1os m\u00e1s tarde, presentando adem\u00e1s a las autoridades edilicias y sus obras hasta 1985.<\/p>\n<p>En el texto es posible encontrar, adem\u00e1s, informaci\u00f3n de destacados personajes locales e instituciones como el Cuerpo de Bomberos, la C\u00e1mara de Comercio, entre otros, adem\u00e1s de una semblanza de familias relacionadas a la zona.<\/p>\n<p><em>Breve historia de la comuna de La Estrella<\/em> es important\u00edsimo para comprender la historia de este pueblo cardenalino, y se trata tambi\u00e9n de una de las primeras obras recopilatorias de antecedentes de comunas colchag\u00fcinas.<\/p>\n<h3>Sobre el autor<\/h3>\n<p><strong>Guillermo C\u00e1ceres Vidal<\/strong>, exfuncionario p\u00fablico, se desempe\u00f1\u00f3 como secretario municipal de La Estrella. Fue tambi\u00e9n dirigente de la C\u00e1mara de Comercio local, as\u00ed como de otras instituciones estrellinas.<\/p>\n","protected":false},"featured_media":51310,"template":"","meta":[],"product_brand":[],"product_cat":[19],"product_tag":[],"class_list":{"0":"post-51308","1":"product","2":"type-product","3":"status-publish","4":"has-post-thumbnail","6":"product_cat-libros","8":"first","9":"onbackorder","10":"sale","11":"shipping-taxable","12":"purchasable","13":"product-type-simple"},"_links":{"self":[{"href":"https:\/\/www.auroradecolchagua.cl\/index.php?rest_route=\/wp\/v2\/product\/51308","targetHints":{"allow":["GET"]}}],"collection":[{"href":"https:\/\/www.auroradecolchagua.cl\/index.php?rest_route=\/wp\/v2\/product"}],"about":[{"href":"https:\/\/www.auroradecolchagua.cl\/index.php?rest_route=\/wp\/v2\/types\/product"}],"wp:featuredmedia":[{"embeddable":true,"href":"https:\/\/www.auroradecolchagua.cl\/index.php?rest_route=\/wp\/v2\/media\/51310"}],"wp:attachment":[{"href":"https:\/\/www.auroradecolchagua.cl\/index.php?rest_route=%2Fwp%2Fv2%2Fmedia&parent=51308"}],"wp:term":[{"taxonomy":"product_brand","embeddable":true,"href":"https:\/\/www.auroradecolchagua.cl\/index.php?rest_route=%2Fwp%2Fv2%2Fproduct_brand&post=51308"},{"taxonomy":"product_cat","embeddable":true,"href":"https:\/\/www.auroradecolchagua.cl\/index.php?rest_route=%2Fwp%2Fv2%2Fproduct_cat&post=51308"},{"taxonomy":"product_tag","embeddable":true,"href":"https:\/\/www.auroradecolchagua.cl\/index.php?rest_route=%2Fwp%2Fv2%2Fproduct_tag&post=51308"}],"curies":[{"name":"wp","href":"https:\/\/api.w.org\/{rel}","templated":true}]}}